{"id":15974,"date":"2024-12-18T12:59:15","date_gmt":"2024-12-18T12:59:15","guid":{"rendered":"https:\/\/kieftenklok.nl\/te-koop\/1959-vw-vouwdak-kever\/"},"modified":"2023-04-29T14:12:29","modified_gmt":"2023-04-29T14:12:29","slug":"1959-vw-vouwdak-kever","status":"publish","type":"sales","link":"https:\/\/kieftenklok.nl\/de\/zu-verkaufen\/1959-vw-vouwdak-kever\/","title":{"rendered":"1959 VW Faltdach k\u00e4fer"},"content":{"rendered":"\n<p>Dieser K\u00e4fer wurde 1959 in Schweden neu ausgeliefert. Es handelt sich um einen original Golde Faltdachk\u00e4fer der nicht nachtr\u00e4glich umgebaut wurde. Die Innenausstattung ist noch komplett original und, wie wir es von Schwedenk\u00e4fern gewohnt sind, noch in einem guten Zustand. Super Farbkombination. Damals wurden Autos noch mit Geschmack gebaut. Es ist ein Patina-Auto. Hier und da einmal geschwei\u00dft, aber in einem akzeptablen Zustand und sogar mit deutscher Inspektion. Auch an diesem Faltdachk\u00e4fer gibt es ein paar ganz besondere originale und teure Zubeh\u00f6rteile, darunter: Dehne-Tankanzeige, Heckklappfenster, Bambus-Gep\u00e4cktr\u00e4ger, Lenkschloss und die bekannte Blumenvase. Es ist sicherlich kein Neuwagen, aber es ist ein K\u00e4fer, mit dem Sie viel Spa\u00df haben werden. Wirklich so ein K\u00e4fer, den man nie restaurieren sollte. Genie\u00dfen Sie es einfach, so zu fahren, Sie werden keinen antiken Schrank restaurieren. Er ist sch\u00f6n wegen seines Alters und seiner Spuren der Zeit, genau wie dieser K\u00e4fer.<\/p>\n\n\n\n<p>Selten, original, Deutsche KFZ Brief, wat wollen Sie noch mehr? <\/p>\n","protected":false},"excerpt":{"rendered":"<p>vw vouwdak ragtop faltdach bug kaefer<\/p>\n","protected":false},"featured_media":32039,"template":"","sales_type":[29],"sales_body":[186],"sales_brand":[286],"class_list":["post-15974","sales","type-sales","status-publish","has-post-thumbnail","hentry","sales_type-kaefer","sales_body-faltdach","sales_brand-volkswagen-de"],"acf":[],"yoast_head":"<!-- This site is optimized with the Yoast SEO Premium plugin v27.5 (Yoast SEO v27.5) - https:\/\/yoast.com\/product\/yoast-seo-premium-wordpress\/ -->\n<title>1959 VW Faltdach k\u00e4fer - Kieft &amp; Klok<\/title>\n<meta name=\"robots\" content=\"index, follow, max-snippet:-1, max-image-preview:large, max-video-preview:-1\" \/>\n<link rel=\"canonical\" href=\"https:\/\/kieftenklok.nl\/de\/zu-verkaufen\/1959-vw-vouwdak-kever\/\" \/>\n<meta property=\"og:locale\" content=\"de_DE\" \/>\n<meta property=\"og:type\" content=\"article\" \/>\n<meta property=\"og:title\" content=\"1959 VW Faltdach k\u00e4fer\" \/>\n<meta property=\"og:description\" content=\"vw vouwdak ragtop faltdach bug kaefer\" \/>\n<meta property=\"og:url\" content=\"https:\/\/kieftenklok.nl\/de\/zu-verkaufen\/1959-vw-vouwdak-kever\/\" \/>\n<meta property=\"og:site_name\" content=\"Kieft &amp; Klok\" \/>\n<meta property=\"og:image\" content=\"https:\/\/kieftenklok.nl\/wp-content\/uploads\/2023\/04\/FA164CFA-0B5A-4675-9023-EFC7B0B08D3E-scaled.jpg\" \/>\n\t<meta property=\"og:image:width\" content=\"1920\" \/>\n\t<meta property=\"og:image:height\" content=\"2560\" \/>\n\t<meta property=\"og:image:type\" content=\"image\/jpeg\" \/>\n<meta name=\"twitter:card\" content=\"summary_large_image\" \/>\n<meta name=\"twitter:label1\" content=\"Gesch\u00e4tzte Lesezeit\" \/>\n\t<meta name=\"twitter:data1\" content=\"1\u00a0Minute\" \/>\n<script type=\"application\/ld+json\" class=\"yoast-schema-graph\">{\"@context\":\"https:\\\/\\\/schema.org\",\"@graph\":[{\"@type\":\"WebPage\",\"@id\":\"https:\\\/\\\/kieftenklok.nl\\\/de\\\/zu-verkaufen\\\/1959-vw-vouwdak-kever\\\/\",\"url\":\"https:\\\/\\\/kieftenklok.nl\\\/de\\\/zu-verkaufen\\\/1959-vw-vouwdak-kever\\\/\",\"name\":\"1959 VW Faltdach k\u00e4fer - Kieft & Klok\",\"isPartOf\":{\"@id\":\"https:\\\/\\\/kieftenklok.nl\\\/de\\\/#website\"},\"primaryImageOfPage\":{\"@id\":\"https:\\\/\\\/kieftenklok.nl\\\/de\\\/zu-verkaufen\\\/1959-vw-vouwdak-kever\\\/#primaryimage\"},\"image\":{\"@id\":\"https:\\\/\\\/kieftenklok.nl\\\/de\\\/zu-verkaufen\\\/1959-vw-vouwdak-kever\\\/#primaryimage\"},\"thumbnailUrl\":\"https:\\\/\\\/kieftenklok.nl\\\/wp-content\\\/uploads\\\/2023\\\/11\\\/7B6728EE-5271-4820-909A-C9B1FF8F2C7B.jpeg\",\"datePublished\":\"2024-12-18T12:59:15+00:00\",\"breadcrumb\":{\"@id\":\"https:\\\/\\\/kieftenklok.nl\\\/de\\\/zu-verkaufen\\\/1959-vw-vouwdak-kever\\\/#breadcrumb\"},\"inLanguage\":\"de\",\"potentialAction\":[{\"@type\":\"ReadAction\",\"target\":[\"https:\\\/\\\/kieftenklok.nl\\\/de\\\/zu-verkaufen\\\/1959-vw-vouwdak-kever\\\/\"]}]},{\"@type\":\"ImageObject\",\"inLanguage\":\"de\",\"@id\":\"https:\\\/\\\/kieftenklok.nl\\\/de\\\/zu-verkaufen\\\/1959-vw-vouwdak-kever\\\/#primaryimage\",\"url\":\"https:\\\/\\\/kieftenklok.nl\\\/wp-content\\\/uploads\\\/2023\\\/11\\\/7B6728EE-5271-4820-909A-C9B1FF8F2C7B.jpeg\",\"contentUrl\":\"https:\\\/\\\/kieftenklok.nl\\\/wp-content\\\/uploads\\\/2023\\\/11\\\/7B6728EE-5271-4820-909A-C9B1FF8F2C7B.jpeg\",\"width\":1272,\"height\":954},{\"@type\":\"BreadcrumbList\",\"@id\":\"https:\\\/\\\/kieftenklok.nl\\\/de\\\/zu-verkaufen\\\/1959-vw-vouwdak-kever\\\/#breadcrumb\",\"itemListElement\":[{\"@type\":\"ListItem\",\"position\":1,\"name\":\"Home\",\"item\":\"https:\\\/\\\/kieftenklok.nl\\\/de\\\/\"},{\"@type\":\"ListItem\",\"position\":2,\"name\":\"Te koop\",\"item\":\"https:\\\/\\\/kieftenklok.nl\\\/de\\\/zu-verkaufen\\\/\"},{\"@type\":\"ListItem\",\"position\":3,\"name\":\"1959 VW Faltdach k\u00e4fer\"}]},{\"@type\":\"WebSite\",\"@id\":\"https:\\\/\\\/kieftenklok.nl\\\/de\\\/#website\",\"url\":\"https:\\\/\\\/kieftenklok.nl\\\/de\\\/\",\"name\":\"Kieft & Klok\",\"description\":\"Vintage Volkswagens\",\"publisher\":{\"@id\":\"https:\\\/\\\/kieftenklok.nl\\\/de\\\/#organization\"},\"potentialAction\":[{\"@type\":\"SearchAction\",\"target\":{\"@type\":\"EntryPoint\",\"urlTemplate\":\"https:\\\/\\\/kieftenklok.nl\\\/de\\\/?s={search_term_string}\"},\"query-input\":{\"@type\":\"PropertyValueSpecification\",\"valueRequired\":true,\"valueName\":\"search_term_string\"}}],\"inLanguage\":\"de\"},{\"@type\":\"Organization\",\"@id\":\"https:\\\/\\\/kieftenklok.nl\\\/de\\\/#organization\",\"name\":\"Kieft & Klok\",\"url\":\"https:\\\/\\\/kieftenklok.nl\\\/de\\\/\",\"logo\":{\"@type\":\"ImageObject\",\"inLanguage\":\"de\",\"@id\":\"https:\\\/\\\/kieftenklok.nl\\\/de\\\/#\\\/schema\\\/logo\\\/image\\\/\",\"url\":\"https:\\\/\\\/kieftenklok.nl\\\/wp-content\\\/uploads\\\/2022\\\/05\\\/Kieft-Klok-logo-groot.svg\",\"contentUrl\":\"https:\\\/\\\/kieftenklok.nl\\\/wp-content\\\/uploads\\\/2022\\\/05\\\/Kieft-Klok-logo-groot.svg\",\"width\":1200,\"height\":200,\"caption\":\"Kieft & Klok\"},\"image\":{\"@id\":\"https:\\\/\\\/kieftenklok.nl\\\/de\\\/#\\\/schema\\\/logo\\\/image\\\/\"}}]}<\/script>\n<!-- \/ Yoast SEO Premium plugin. -->","yoast_head_json":{"title":"1959 VW Faltdach k\u00e4fer - Kieft & Klok","robots":{"index":"index","follow":"follow","max-snippet":"max-snippet:-1","max-image-preview":"max-image-preview:large","max-video-preview":"max-video-preview:-1"},"canonical":"https:\/\/kieftenklok.nl\/de\/zu-verkaufen\/1959-vw-vouwdak-kever\/","og_locale":"de_DE","og_type":"article","og_title":"1959 VW Faltdach k\u00e4fer","og_description":"vw vouwdak ragtop faltdach bug kaefer","og_url":"https:\/\/kieftenklok.nl\/de\/zu-verkaufen\/1959-vw-vouwdak-kever\/","og_site_name":"Kieft & Klok","og_image":[{"width":1920,"height":2560,"url":"https:\/\/kieftenklok.nl\/wp-content\/uploads\/2023\/04\/FA164CFA-0B5A-4675-9023-EFC7B0B08D3E-scaled.jpg","type":"image\/jpeg"}],"twitter_card":"summary_large_image","twitter_misc":{"Gesch\u00e4tzte Lesezeit":"1\u00a0Minute"},"schema":{"@context":"https:\/\/schema.org","@graph":[{"@type":"WebPage","@id":"https:\/\/kieftenklok.nl\/de\/zu-verkaufen\/1959-vw-vouwdak-kever\/","url":"https:\/\/kieftenklok.nl\/de\/zu-verkaufen\/1959-vw-vouwdak-kever\/","name":"1959 VW Faltdach k\u00e4fer - Kieft & Klok","isPartOf":{"@id":"https:\/\/kieftenklok.nl\/de\/#website"},"primaryImageOfPage":{"@id":"https:\/\/kieftenklok.nl\/de\/zu-verkaufen\/1959-vw-vouwdak-kever\/#primaryimage"},"image":{"@id":"https:\/\/kieftenklok.nl\/de\/zu-verkaufen\/1959-vw-vouwdak-kever\/#primaryimage"},"thumbnailUrl":"https:\/\/kieftenklok.nl\/wp-content\/uploads\/2023\/11\/7B6728EE-5271-4820-909A-C9B1FF8F2C7B.jpeg","datePublished":"2024-12-18T12:59:15+00:00","breadcrumb":{"@id":"https:\/\/kieftenklok.nl\/de\/zu-verkaufen\/1959-vw-vouwdak-kever\/#breadcrumb"},"inLanguage":"de","potentialAction":[{"@type":"ReadAction","target":["https:\/\/kieftenklok.nl\/de\/zu-verkaufen\/1959-vw-vouwdak-kever\/"]}]},{"@type":"ImageObject","inLanguage":"de","@id":"https:\/\/kieftenklok.nl\/de\/zu-verkaufen\/1959-vw-vouwdak-kever\/#primaryimage","url":"https:\/\/kieftenklok.nl\/wp-content\/uploads\/2023\/11\/7B6728EE-5271-4820-909A-C9B1FF8F2C7B.jpeg","contentUrl":"https:\/\/kieftenklok.nl\/wp-content\/uploads\/2023\/11\/7B6728EE-5271-4820-909A-C9B1FF8F2C7B.jpeg","width":1272,"height":954},{"@type":"BreadcrumbList","@id":"https:\/\/kieftenklok.nl\/de\/zu-verkaufen\/1959-vw-vouwdak-kever\/#breadcrumb","itemListElement":[{"@type":"ListItem","position":1,"name":"Home","item":"https:\/\/kieftenklok.nl\/de\/"},{"@type":"ListItem","position":2,"name":"Te koop","item":"https:\/\/kieftenklok.nl\/de\/zu-verkaufen\/"},{"@type":"ListItem","position":3,"name":"1959 VW Faltdach k\u00e4fer"}]},{"@type":"WebSite","@id":"https:\/\/kieftenklok.nl\/de\/#website","url":"https:\/\/kieftenklok.nl\/de\/","name":"Kieft & Klok","description":"Vintage Volkswagens","publisher":{"@id":"https:\/\/kieftenklok.nl\/de\/#organization"},"potentialAction":[{"@type":"SearchAction","target":{"@type":"EntryPoint","urlTemplate":"https:\/\/kieftenklok.nl\/de\/?s={search_term_string}"},"query-input":{"@type":"PropertyValueSpecification","valueRequired":true,"valueName":"search_term_string"}}],"inLanguage":"de"},{"@type":"Organization","@id":"https:\/\/kieftenklok.nl\/de\/#organization","name":"Kieft & Klok","url":"https:\/\/kieftenklok.nl\/de\/","logo":{"@type":"ImageObject","inLanguage":"de","@id":"https:\/\/kieftenklok.nl\/de\/#\/schema\/logo\/image\/","url":"https:\/\/kieftenklok.nl\/wp-content\/uploads\/2022\/05\/Kieft-Klok-logo-groot.svg","contentUrl":"https:\/\/kieftenklok.nl\/wp-content\/uploads\/2022\/05\/Kieft-Klok-logo-groot.svg","width":1200,"height":200,"caption":"Kieft & Klok"},"image":{"@id":"https:\/\/kieftenklok.nl\/de\/#\/schema\/logo\/image\/"}}]}},"_links":{"self":[{"href":"https:\/\/kieftenklok.nl\/de\/wp-json\/wp\/v2\/sales\/15974","targetHints":{"allow":["GET"]}}],"collection":[{"href":"https:\/\/kieftenklok.nl\/de\/wp-json\/wp\/v2\/sales"}],"about":[{"href":"https:\/\/kieftenklok.nl\/de\/wp-json\/wp\/v2\/types\/sales"}],"wp:featuredmedia":[{"embeddable":true,"href":"https:\/\/kieftenklok.nl\/de\/wp-json\/wp\/v2\/media\/32039"}],"wp:attachment":[{"href":"https:\/\/kieftenklok.nl\/de\/wp-json\/wp\/v2\/media?parent=15974"}],"wp:term":[{"taxonomy":"sales_type","embeddable":true,"href":"https:\/\/kieftenklok.nl\/de\/wp-json\/wp\/v2\/sales_type?post=15974"},{"taxonomy":"sales_body","embeddable":true,"href":"https:\/\/kieftenklok.nl\/de\/wp-json\/wp\/v2\/sales_body?post=15974"},{"taxonomy":"sales_brand","embeddable":true,"href":"https:\/\/kieftenklok.nl\/de\/wp-json\/wp\/v2\/sales_brand?post=15974"}],"curies":[{"name":"wp","href":"https:\/\/api.w.org\/{rel}","templated":true}]}}